{"id":941,"date":"2021-10-05T11:44:34","date_gmt":"2021-10-05T11:44:34","guid":{"rendered":"https:\/\/elfederalonline.com\/?page_id=941"},"modified":"2026-08-01T09:27:33","modified_gmt":"2026-08-01T12:27:33","slug":"inicio","status":"publish","type":"page","link":"https:\/\/elfederalonline.com\/","title":{"rendered":"El Federal"},"content":{"rendered":"<div  class=\"ultp-post-grid-block wp-block-ultimate-post-post-grid-4 ultp-block-69140c\"><div class=\"ultp-block-wrapper\"><div class=\"ultp-loading\"><div class=\"ultp-loading-blocks\" style=\"width:100%;height:100%;\"><div style=\"left: 0;top: 0;animation-delay:0s;\"><\/div><div style=\"left: 21px;top: 0;animation-delay:0.125s;\"><\/div><div style=\"left: 42px;top: 0;animation-delay:0.25s;\"><\/div><div style=\"left: 0;top: 21px;animation-delay:0.875s;\"><\/div><div style=\"left: 42px;top: 21px;animation-delay:0.375s;\"><\/div><div style=\"left: 0;top: 42px;animation-delay:0.75s;\"><\/div><div style=\"left: 42px;top: 42px;animation-delay:0.625s;\"><\/div><div style=\"left: 21px;top: 42px;animation-delay:0.5s;\"><\/div><\/div><\/div><div class=\"ultp-block-items-wrap ultp-block-row ultp-layout1 ultp-block-content-\"><div class=\"ultp-block-item post-id-64320\"><div class=\"ultp-block-content-wrap ultp-block-content-overlay\"><div class=\"ultp-block-image ultp-block-image-slideRight ultp-block-image-overlay ultp-block-image-custom\"><a href=\"https:\/\/elfederalonline.com\/2026\/08\/03\/como-impactaria-en-la-rioja-la-ley-de-inviolabilidad-de-la-propiedad-privada-que-impulsa-milei\/\" ><img decoding=\"async\"  alt=\"\u00bfC\u00f3mo impactar\u00eda en La Rioja la Ley de Inviolabilidad de la Propiedad Privada que impulsa Milei?\"  src=\"https:\/\/elfederalonline.com\/wp-content\/uploads\/2024\/05\/milei-cepo1-870x570.jpg\" \/><\/a><\/div><div class=\"ultp-block-content ultp-block-content-bottomPosition\"><div class=\"ultp-block-content-inner\"><div class=\"ultp-category-grid ultp-category-classic ultp-category-aboveTitle\"><div class=\"ultp-category-in\"><a class=\"ultp-cat-la-rioja\" href=\"https:\/\/elfederalonline.com\/category\/la-rioja\/\"  >La Rioja<\/a><\/div><\/div><h3 class=\"ultp-block-title \"><a href=\"https:\/\/elfederalonline.com\/2026\/08\/03\/como-impactaria-en-la-rioja-la-ley-de-inviolabilidad-de-la-propiedad-privada-que-impulsa-milei\/\" >\u00bfC\u00f3mo impactar\u00eda en La Rioja la Ley de Inviolabilidad de la Propiedad Privada que impulsa Milei?<\/a><\/h3><\/div><\/div><\/div><\/div><div class=\"ultp-block-item post-id-64314\"><div class=\"ultp-block-content-wrap ultp-block-content-overlay\"><div class=\"ultp-block-image ultp-block-image-slideRight ultp-block-image-overlay ultp-block-image-custom\"><a href=\"https:\/\/elfederalonline.com\/2026\/08\/03\/conmocion-en-chilecito-una-bebe-de-dos-meses-dio-positivo-para-cocaina-y-quedo-bajo-proteccion-judicial\/\" ><img decoding=\"async\"  alt=\"Conmoci\u00f3n en Chilecito: una beb\u00e9 de dos meses dio positivo para coca\u00edna y qued\u00f3 bajo protecci\u00f3n judicial\"  src=\"https:\/\/elfederalonline.com\/wp-content\/uploads\/2026\/08\/mano-de-bebe-600x492.jpg\" \/><\/a><\/div><div class=\"ultp-block-content ultp-block-content-bottomPosition\"><div class=\"ultp-block-content-inner\"><div class=\"ultp-category-grid ultp-category-classic ultp-category-aboveTitle\"><div class=\"ultp-category-in\"><a class=\"ultp-cat-la-rioja\" href=\"https:\/\/elfederalonline.com\/category\/la-rioja\/\"  >La Rioja<\/a><\/div><\/div><h3 class=\"ultp-block-title \"><a href=\"https:\/\/elfederalonline.com\/2026\/08\/03\/conmocion-en-chilecito-una-bebe-de-dos-meses-dio-positivo-para-cocaina-y-quedo-bajo-proteccion-judicial\/\" >Conmoci\u00f3n en Chilecito: una beb\u00e9 de dos meses dio positivo para coca\u00edna y qued\u00f3 bajo protecci\u00f3n judicial<\/a><\/h3><\/div><\/div><\/div><\/div><div class=\"ultp-block-item post-id-64310\"><div class=\"ultp-block-content-wrap ultp-block-content-overlay\"><div class=\"ultp-block-image ultp-block-image-slideRight ultp-block-image-overlay ultp-block-image-custom\"><a href=\"https:\/\/elfederalonline.com\/2026\/08\/02\/la-rioja-recibe-a-maximo-kirchner-mientras-la-justicia-acelera-el-juicio-por-hotesur-los-sauces-lo-que-nadie-habla\/\" ><img decoding=\"async\"  alt=\"La Rioja recibe a M\u00e1ximo Kirchner mientras la Justicia acelera el juicio por Hotesur-Los Sauces: lo que nadie habla\"  src=\"https:\/\/elfederalonline.com\/wp-content\/uploads\/2026\/08\/maximo-lr4-600x600.jpg\" \/><\/a><\/div><div class=\"ultp-block-content ultp-block-content-bottomPosition\"><div class=\"ultp-block-content-inner\"><div class=\"ultp-category-grid ultp-category-classic ultp-category-aboveTitle\"><div class=\"ultp-category-in\"><a class=\"ultp-cat-la-rioja\" href=\"https:\/\/elfederalonline.com\/category\/la-rioja\/\"  >La Rioja<\/a><\/div><\/div><h3 class=\"ultp-block-title \"><a href=\"https:\/\/elfederalonline.com\/2026\/08\/02\/la-rioja-recibe-a-maximo-kirchner-mientras-la-justicia-acelera-el-juicio-por-hotesur-los-sauces-lo-que-nadie-habla\/\" >La Rioja recibe a M\u00e1ximo Kirchner mientras la Justicia acelera el juicio por Hotesur-Los Sauces: lo que nadie habla<\/a><\/h3><\/div><\/div><\/div><\/div><\/div><\/div><div class=\"pagination-block-html\" aria-hidden=\"true\" style=\"display: none;\"><\/div><\/div>\n\n\n<div style=\"height:27px\" aria-hidden=\"true\" class=\"wp-block-spacer\"><\/div>\n\n\n<div id=\"Noticias_destacadas\"  class=\"ultp-post-grid-block wp-block-ultimate-post-post-grid-1 ultp-block-f16afc\"><div class=\"ultp-block-wrapper\"><div class=\"ultp-loading\"><div class=\"ultp-loading-blocks\" style=\"width:100%;height:100%;\"><div style=\"left: 0;top: 0;animation-delay:0s;\"><\/div><div style=\"left: 21px;top: 0;animation-delay:0.125s;\"><\/div><div style=\"left: 42px;top: 0;animation-delay:0.25s;\"><\/div><div style=\"left: 0;top: 21px;animation-delay:0.875s;\"><\/div><div style=\"left: 42px;top: 21px;animation-delay:0.375s;\"><\/div><div style=\"left: 0;top: 42px;animation-delay:0.75s;\"><\/div><div style=\"left: 42px;top: 42px;animation-delay:0.625s;\"><\/div><div style=\"left: 21px;top: 42px;animation-delay:0.5s;\"><\/div><\/div><\/div><div class=\"ultp-heading-filter\"><div class=\"ultp-heading-filter-in\"><div class=\"ultp-heading-wrap ultp-heading-style1 ultp-heading-left\"><h2 class=\"ultp-heading-inner\"><span>Noticias destacadas<\/span><\/h2><div class=\"ultp-sub-heading\"><div class=\"ultp-sub-heading-inner\"><\/div><\/div><\/div><\/div><\/div><div class=\"ultp-block-items-wrap ultp-block-row ultp-pg1a-style1 ultp-grid1-responsive ultp-block-column-3 ultp-sm-column-2 ultp-xs-column-1 ultp-layout1\"><div class=\"ultp-block-item post-id-64324\"><div class=\"ultp-block-content-wrap\"><div class=\"ultp-block-image ultp-block-image-opacity\"><a href=\"https:\/\/elfederalonline.com\/2026\/08\/03\/ante-el-paro-docente-el-gobierno-controlara-a-los-colegios-para-que-cumplan-el-75-de-cobertura-presencial\/\" ><img decoding=\"async\"  class=\"ultp-block-image-content\"  alt=\"Ante el paro docente, el gobierno controlar\u00e1 a los colegios para que cumplan el 75% de cobertura presencial\"  src=\"https:\/\/elfederalonline.com\/wp-content\/uploads\/2022\/05\/CEM-1-AULAS-VACIAS-ESCUELAS-ALUMNOS-ROCA-870x570.jpg\" \/><\/a><div class=\"ultp-category-img-grid\"><div class=\"ultp-category-grid ultp-category-classic ultp-category-topLeft\"><div class=\"ultp-category-in\"><a class=\"ultp-cat-argentina\" href=\"https:\/\/elfederalonline.com\/category\/argentina\/\"  >Argentina<\/a><\/div><\/div><\/div><\/div><div class=\"ultp-block-content\"><h3 class=\"ultp-block-title \"><a href=\"https:\/\/elfederalonline.com\/2026\/08\/03\/ante-el-paro-docente-el-gobierno-controlara-a-los-colegios-para-que-cumplan-el-75-de-cobertura-presencial\/\" >Ante el paro docente, el gobierno controlar\u00e1 a los colegios para que cumplan el 75% de cobertura presencial<\/a><\/h3><\/div><\/div><\/div><div class=\"ultp-block-item post-id-64320\"><div class=\"ultp-block-content-wrap\"><div class=\"ultp-block-image ultp-block-image-opacity\"><a href=\"https:\/\/elfederalonline.com\/2026\/08\/03\/como-impactaria-en-la-rioja-la-ley-de-inviolabilidad-de-la-propiedad-privada-que-impulsa-milei\/\" ><img decoding=\"async\"  class=\"ultp-block-image-content\"  alt=\"\u00bfC\u00f3mo impactar\u00eda en La Rioja la Ley de Inviolabilidad de la Propiedad Privada que impulsa Milei?\"  src=\"https:\/\/elfederalonline.com\/wp-content\/uploads\/2024\/05\/milei-cepo1-870x570.jpg\" \/><\/a><div class=\"ultp-category-img-grid\"><div class=\"ultp-category-grid ultp-category-classic ultp-category-topLeft\"><div class=\"ultp-category-in\"><a class=\"ultp-cat-la-rioja\" href=\"https:\/\/elfederalonline.com\/category\/la-rioja\/\"  >La Rioja<\/a><\/div><\/div><\/div><\/div><div class=\"ultp-block-content\"><h3 class=\"ultp-block-title \"><a href=\"https:\/\/elfederalonline.com\/2026\/08\/03\/como-impactaria-en-la-rioja-la-ley-de-inviolabilidad-de-la-propiedad-privada-que-impulsa-milei\/\" >\u00bfC\u00f3mo impactar\u00eda en La Rioja la Ley de Inviolabilidad de la Propiedad Privada que impulsa Milei?<\/a><\/h3><\/div><\/div><\/div><div class=\"ultp-block-item post-id-64314\"><div class=\"ultp-block-content-wrap\"><div class=\"ultp-block-image ultp-block-image-opacity\"><a href=\"https:\/\/elfederalonline.com\/2026\/08\/03\/conmocion-en-chilecito-una-bebe-de-dos-meses-dio-positivo-para-cocaina-y-quedo-bajo-proteccion-judicial\/\" ><img decoding=\"async\"  class=\"ultp-block-image-content\"  alt=\"Conmoci\u00f3n en Chilecito: una beb\u00e9 de dos meses dio positivo para coca\u00edna y qued\u00f3 bajo protecci\u00f3n judicial\"  src=\"https:\/\/elfederalonline.com\/wp-content\/uploads\/2026\/08\/mano-de-bebe.jpg\" \/><\/a><div class=\"ultp-category-img-grid\"><div class=\"ultp-category-grid ultp-category-classic ultp-category-topLeft\"><div class=\"ultp-category-in\"><a class=\"ultp-cat-la-rioja\" href=\"https:\/\/elfederalonline.com\/category\/la-rioja\/\"  >La Rioja<\/a><\/div><\/div><\/div><\/div><div class=\"ultp-block-content\"><h3 class=\"ultp-block-title \"><a href=\"https:\/\/elfederalonline.com\/2026\/08\/03\/conmocion-en-chilecito-una-bebe-de-dos-meses-dio-positivo-para-cocaina-y-quedo-bajo-proteccion-judicial\/\" >Conmoci\u00f3n en Chilecito: una beb\u00e9 de dos meses dio positivo para coca\u00edna y qued\u00f3 bajo protecci\u00f3n judicial<\/a><\/h3><\/div><\/div><\/div><div class=\"ultp-block-item post-id-64310\"><div class=\"ultp-block-content-wrap\"><div class=\"ultp-block-image ultp-block-image-opacity\"><a href=\"https:\/\/elfederalonline.com\/2026\/08\/02\/la-rioja-recibe-a-maximo-kirchner-mientras-la-justicia-acelera-el-juicio-por-hotesur-los-sauces-lo-que-nadie-habla\/\" ><img decoding=\"async\"  class=\"ultp-block-image-content\"  alt=\"La Rioja recibe a M\u00e1ximo Kirchner mientras la Justicia acelera el juicio por Hotesur-Los Sauces: lo que nadie habla\"  src=\"https:\/\/elfederalonline.com\/wp-content\/uploads\/2026\/08\/maximo-lr4-870x570.jpg\" \/><\/a><div class=\"ultp-category-img-grid\"><div class=\"ultp-category-grid ultp-category-classic ultp-category-topLeft\"><div class=\"ultp-category-in\"><a class=\"ultp-cat-la-rioja\" href=\"https:\/\/elfederalonline.com\/category\/la-rioja\/\"  >La Rioja<\/a><\/div><\/div><\/div><\/div><div class=\"ultp-block-content\"><h3 class=\"ultp-block-title \"><a href=\"https:\/\/elfederalonline.com\/2026\/08\/02\/la-rioja-recibe-a-maximo-kirchner-mientras-la-justicia-acelera-el-juicio-por-hotesur-los-sauces-lo-que-nadie-habla\/\" >La Rioja recibe a M\u00e1ximo Kirchner mientras la Justicia acelera el juicio por Hotesur-Los Sauces: lo que nadie habla<\/a><\/h3><\/div><\/div><\/div><div class=\"ultp-block-item post-id-64304\"><div class=\"ultp-block-content-wrap\"><div class=\"ultp-block-image ultp-block-image-opacity\"><a href=\"https:\/\/elfederalonline.com\/2026\/08\/02\/tension-en-aimogasta-familias-ocuparon-viviendas-en-construccion-para-tener-un-techo\/\" ><img decoding=\"async\"  class=\"ultp-block-image-content\"  alt=\"Tensi\u00f3n en Aimogasta: familias ocuparon viviendas en construcci\u00f3n para tener un techo\"  src=\"https:\/\/elfederalonline.com\/wp-content\/uploads\/2026\/08\/toma-de-viviendas3-870x570.jpg\" \/><\/a><div class=\"ultp-category-img-grid\"><div class=\"ultp-category-grid ultp-category-classic ultp-category-topLeft\"><div class=\"ultp-category-in\"><a class=\"ultp-cat-la-rioja\" href=\"https:\/\/elfederalonline.com\/category\/la-rioja\/\"  >La Rioja<\/a><\/div><\/div><\/div><\/div><div class=\"ultp-block-content\"><h3 class=\"ultp-block-title \"><a href=\"https:\/\/elfederalonline.com\/2026\/08\/02\/tension-en-aimogasta-familias-ocuparon-viviendas-en-construccion-para-tener-un-techo\/\" >Tensi\u00f3n en Aimogasta: familias ocuparon viviendas en construcci\u00f3n para tener un techo<\/a><\/h3><\/div><\/div><\/div><div class=\"ultp-block-item post-id-64285\"><div class=\"ultp-block-content-wrap\"><div class=\"ultp-block-image ultp-block-image-opacity\"><a href=\"https:\/\/elfederalonline.com\/2026\/08\/01\/precaucion-pronostican-viento-zonda-lluvias-y-rafagas-peligrosas-en-la-rioja-y-estos-son-los-departamentos-mas-afectados\/\" ><img decoding=\"async\"  class=\"ultp-block-image-content\"  alt=\"Precauci\u00f3n: pronostican viento Zonda, lluvias y r\u00e1fagas peligrosas en La Rioja y estos son los departamentos m\u00e1s afectados\"  src=\"https:\/\/elfederalonline.com\/wp-content\/uploads\/2026\/08\/zonda-lr1-870x570.jpg\" \/><\/a><div class=\"ultp-category-img-grid\"><div class=\"ultp-category-grid ultp-category-classic ultp-category-topLeft\"><div class=\"ultp-category-in\"><a class=\"ultp-cat-la-rioja\" href=\"https:\/\/elfederalonline.com\/category\/la-rioja\/\"  >La Rioja<\/a><\/div><\/div><\/div><\/div><div class=\"ultp-block-content\"><h3 class=\"ultp-block-title \"><a href=\"https:\/\/elfederalonline.com\/2026\/08\/01\/precaucion-pronostican-viento-zonda-lluvias-y-rafagas-peligrosas-en-la-rioja-y-estos-son-los-departamentos-mas-afectados\/\" >Precauci\u00f3n: pronostican viento Zonda, lluvias y r\u00e1fagas peligrosas en La Rioja y estos son los departamentos m\u00e1s afectados<\/a><\/h3><\/div><\/div><\/div><div class=\"ultp-block-item post-id-64272\"><div class=\"ultp-block-content-wrap\"><div class=\"ultp-block-image ultp-block-image-opacity\"><a href=\"https:\/\/elfederalonline.com\/2026\/08\/01\/quintela-apuesta-a-la-unidad-del-peronismo-en-la-rioja-pero-la-interna-sigue-lejos-de-resolverse-kicillof-el-gran-ausente\/\" ><img decoding=\"async\"  class=\"ultp-block-image-content\"  alt=\"Quintela apuesta a la unidad del peronismo en La Rioja, pero la interna sigue lejos de resolverse: Kicillof el gran ausente\"  src=\"https:\/\/elfederalonline.com\/wp-content\/uploads\/2026\/08\/maximo-lr4-870x570.jpg\" \/><\/a><div class=\"ultp-category-img-grid\"><div class=\"ultp-category-grid ultp-category-classic ultp-category-topLeft\"><div class=\"ultp-category-in\"><a class=\"ultp-cat-la-rioja\" href=\"https:\/\/elfederalonline.com\/category\/la-rioja\/\"  >La Rioja<\/a><\/div><\/div><\/div><\/div><div class=\"ultp-block-content\"><h3 class=\"ultp-block-title \"><a href=\"https:\/\/elfederalonline.com\/2026\/08\/01\/quintela-apuesta-a-la-unidad-del-peronismo-en-la-rioja-pero-la-interna-sigue-lejos-de-resolverse-kicillof-el-gran-ausente\/\" >Quintela apuesta a la unidad del peronismo en La Rioja, pero la interna sigue lejos de resolverse: Kicillof el gran ausente<\/a><\/h3><\/div><\/div><\/div><div class=\"ultp-block-item post-id-64265\"><div class=\"ultp-block-content-wrap\"><div class=\"ultp-block-image ultp-block-image-opacity\"><a href=\"https:\/\/elfederalonline.com\/2026\/08\/01\/maximo-kirchner-y-wado-de-pedro-llegaron-a-la-rioja-buscando-la-unidad-del-peronismo\/\" ><img decoding=\"async\"  class=\"ultp-block-image-content\"  alt=\"M\u00e1ximo Kirchner y Wado de Pedro llegaron a La Rioja buscando la unidad del peronismo\"  src=\"https:\/\/elfederalonline.com\/wp-content\/uploads\/2026\/08\/maximo-lr1-870x570.jpg\" \/><\/a><div class=\"ultp-category-img-grid\"><div class=\"ultp-category-grid ultp-category-classic ultp-category-topLeft\"><div class=\"ultp-category-in\"><a class=\"ultp-cat-la-rioja\" href=\"https:\/\/elfederalonline.com\/category\/la-rioja\/\"  >La Rioja<\/a><\/div><\/div><\/div><\/div><div class=\"ultp-block-content\"><h3 class=\"ultp-block-title \"><a href=\"https:\/\/elfederalonline.com\/2026\/08\/01\/maximo-kirchner-y-wado-de-pedro-llegaron-a-la-rioja-buscando-la-unidad-del-peronismo\/\" >M\u00e1ximo Kirchner y Wado de Pedro llegaron a La Rioja buscando la unidad del peronismo<\/a><\/h3><\/div><\/div><\/div><div class=\"ultp-block-item post-id-64260\"><div class=\"ultp-block-content-wrap\"><div class=\"ultp-block-image ultp-block-image-opacity\"><a href=\"https:\/\/elfederalonline.com\/2026\/08\/01\/la-libertad-avanza-repudio-la-visita-de-maximo-kirchner-a-la-rioja-y-acuso-a-quintela-de-financiar-turismo-politico\/\" ><img decoding=\"async\"  class=\"ultp-block-image-content\"  alt=\"La Libertad Avanza repudi\u00f3 la visita de M\u00e1ximo Kirchner a La Rioja y acus\u00f3 a Quintela de financiar \u201cturismo pol\u00edtico\u201d\"  src=\"https:\/\/elfederalonline.com\/wp-content\/uploads\/2026\/08\/maximo-lr-870x570.jpg\" \/><\/a><div class=\"ultp-category-img-grid\"><div class=\"ultp-category-grid ultp-category-classic ultp-category-topLeft\"><div class=\"ultp-category-in\"><a class=\"ultp-cat-la-rioja\" href=\"https:\/\/elfederalonline.com\/category\/la-rioja\/\"  >La Rioja<\/a><\/div><\/div><\/div><\/div><div class=\"ultp-block-content\"><h3 class=\"ultp-block-title \"><a href=\"https:\/\/elfederalonline.com\/2026\/08\/01\/la-libertad-avanza-repudio-la-visita-de-maximo-kirchner-a-la-rioja-y-acuso-a-quintela-de-financiar-turismo-politico\/\" >La Libertad Avanza repudi\u00f3 la visita de M\u00e1ximo Kirchner a La Rioja y acus\u00f3 a Quintela de financiar \u201cturismo pol\u00edtico\u201d<\/a><\/h3><\/div><\/div><\/div><\/div><\/div><div class=\"pagination-block-html\" aria-hidden=\"true\" style=\"display: none;\"><\/div><\/div>\n\n<div id=\"Nacionales\"  class=\"ultp-post-grid-block wp-block-ultimate-post-post-grid-2 ultp-block-5590d2\"><div class=\"ultp-block-wrapper\"><div class=\"ultp-loading\"><div class=\"ultp-loading-blocks\" style=\"width:100%;height:100%;\"><div style=\"left: 0;top: 0;animation-delay:0s;\"><\/div><div style=\"left: 21px;top: 0;animation-delay:0.125s;\"><\/div><div style=\"left: 42px;top: 0;animation-delay:0.25s;\"><\/div><div style=\"left: 0;top: 21px;animation-delay:0.875s;\"><\/div><div style=\"left: 42px;top: 21px;animation-delay:0.375s;\"><\/div><div style=\"left: 0;top: 42px;animation-delay:0.75s;\"><\/div><div style=\"left: 42px;top: 42px;animation-delay:0.625s;\"><\/div><div style=\"left: 21px;top: 42px;animation-delay:0.5s;\"><\/div><\/div><\/div><div class=\"ultp-heading-filter\"><div class=\"ultp-heading-filter-in\"><div class=\"ultp-heading-wrap ultp-heading-style1 ultp-heading-left\"><h2 class=\"ultp-heading-inner\"><span>Nacionales<\/span><\/h2><div class=\"ultp-sub-heading\"><div class=\"ultp-sub-heading-inner\"><\/div><\/div><\/div><\/div><\/div><div class=\"ultp-block-items-wrap ultp-block-row\"><div class=\"ultp-block-item post-id-64324\"><div class=\"ultp-block-content-wrap ultp-block-content-overlay\"><div class=\"ultp-block-image ultp-block-image-zoomOut ultp-block-image-overlay ultp-block-image-custom\"><a href=\"https:\/\/elfederalonline.com\/2026\/08\/03\/ante-el-paro-docente-el-gobierno-controlara-a-los-colegios-para-que-cumplan-el-75-de-cobertura-presencial\/\" ><img decoding=\"async\"  alt=\"Ante el paro docente, el gobierno controlar\u00e1 a los colegios para que cumplan el 75% de cobertura presencial\"  src=\"https:\/\/elfederalonline.com\/wp-content\/uploads\/2022\/05\/CEM-1-AULAS-VACIAS-ESCUELAS-ALUMNOS-ROCA-870x570.jpg\" \/><\/a><\/div><div class=\"ultp-block-content ultp-block-content-bottomPosition\"><div class=\"ultp-block-content-inner\"><h3 class=\"ultp-block-title \"><a href=\"https:\/\/elfederalonline.com\/2026\/08\/03\/ante-el-paro-docente-el-gobierno-controlara-a-los-colegios-para-que-cumplan-el-75-de-cobertura-presencial\/\" >Ante el paro docente, el gobierno controlar\u00e1 a los colegios para que cumplan el 75% de cobertura presencial<\/a><\/h3><div class=\"ultp-block-meta ultp-block-meta-dash ultp-block-meta-style3\"><span class=\"ultp-block-author ultp-block-meta-element\"><img decoding=\"async\" loading=\"lazy\" class=\"ultp-meta-author-img\" src=\"https:\/\/elfederalonline.com\/wp-content\/litespeed\/avatar\/f400d27a44aea9eb6f5deb56fcf32ab2.jpg?ver=1785590879\" alt=\"By\" \/>By<a class=\"\" href=\"https:\/\/elfederalonline.com\/author\/redaccion\/\">Redaccion El Federal<\/a><\/span><span class=\"ultp-block-date ultp-block-meta-element\"><svg xmlns=\"http:\/\/www.w3.org\/2000\/svg\" viewBox=\"0 0 18 19\"><path d=\"M4.60069444,4.09375 L3.25,4.09375 C2.47334957,4.09375 1.84375,4.72334957 1.84375,5.5 L1.84375,7.26736111 L16.15625,7.26736111 L16.15625,5.5 C16.15625,4.72334957 15.5266504,4.09375 14.75,4.09375 L13.3993056,4.09375 L13.3993056,4.55555556 C13.3993056,5.02154581 13.0215458,5.39930556 12.5555556,5.39930556 C12.0895653,5.39930556 11.7118056,5.02154581 11.7118056,4.55555556 L11.7118056,4.09375 L6.28819444,4.09375 L6.28819444,4.55555556 C6.28819444,5.02154581 5.9104347,5.39930556 5.44444444,5.39930556 C4.97845419,5.39930556 4.60069444,5.02154581 4.60069444,4.55555556 L4.60069444,4.09375 Z M6.28819444,2.40625 L11.7118056,2.40625 L11.7118056,1 C11.7118056,0.534009742 12.0895653,0.15625 12.5555556,0.15625 C13.0215458,0.15625 13.3993056,0.534009742 13.3993056,1 L13.3993056,2.40625 L14.75,2.40625 C16.4586309,2.40625 17.84375,3.79136906 17.84375,5.5 L17.84375,15.875 C17.84375,17.5836309 16.4586309,18.96875 14.75,18.96875 L3.25,18.96875 C1.54136906,18.96875 0.15625,17.5836309 0.15625,15.875 L0.15625,5.5 C0.15625,3.79136906 1.54136906,2.40625 3.25,2.40625 L4.60069444,2.40625 L4.60069444,1 C4.60069444,0.534009742 4.97845419,0.15625 5.44444444,0.15625 C5.9104347,0.15625 6.28819444,0.534009742 6.28819444,1 L6.28819444,2.40625 Z M1.84375,8.95486111 L1.84375,15.875 C1.84375,16.6516504 2.47334957,17.28125 3.25,17.28125 L14.75,17.28125 C15.5266504,17.28125 16.15625,16.6516504 16.15625,15.875 L16.15625,8.95486111 L1.84375,8.95486111 Z\"\/><\/svg>Ago 3, 2026<\/span><\/div><\/div><\/div><\/div><\/div><div class=\"ultp-block-item post-id-64172\"><div class=\"ultp-block-content-wrap ultp-block-content-overlay\"><div class=\"ultp-block-image ultp-block-image-zoomOut ultp-block-image-overlay ultp-block-image-custom\"><a href=\"https:\/\/elfederalonline.com\/2026\/07\/29\/mineria-y-empleo-buscan-personal-en-catamarca-y-san-juan-para-distintos-puestos\/\" ><img decoding=\"async\"  alt=\"Miner\u00eda y empleo: buscan personal en Catamarca y San Juan para distintos puestos\"  src=\"https:\/\/elfederalonline.com\/wp-content\/uploads\/2026\/03\/camion-minero-870x570.jpg\" \/><\/a><\/div><div class=\"ultp-block-content ultp-block-content-bottomPosition\"><div class=\"ultp-block-content-inner\"><h3 class=\"ultp-block-title \"><a href=\"https:\/\/elfederalonline.com\/2026\/07\/29\/mineria-y-empleo-buscan-personal-en-catamarca-y-san-juan-para-distintos-puestos\/\" >Miner\u00eda y empleo: buscan personal en Catamarca y San Juan para distintos puestos<\/a><\/h3><div class=\"ultp-block-meta ultp-block-meta-dash ultp-block-meta-style3\"><span class=\"ultp-block-author ultp-block-meta-element\"><img decoding=\"async\" loading=\"lazy\" class=\"ultp-meta-author-img\" src=\"https:\/\/elfederalonline.com\/wp-content\/litespeed\/avatar\/f400d27a44aea9eb6f5deb56fcf32ab2.jpg?ver=1785590879\" alt=\"By\" \/>By<a class=\"\" href=\"https:\/\/elfederalonline.com\/author\/redaccion\/\">Redaccion El Federal<\/a><\/span><span class=\"ultp-block-date ultp-block-meta-element\"><svg xmlns=\"http:\/\/www.w3.org\/2000\/svg\" viewBox=\"0 0 18 19\"><path d=\"M4.60069444,4.09375 L3.25,4.09375 C2.47334957,4.09375 1.84375,4.72334957 1.84375,5.5 L1.84375,7.26736111 L16.15625,7.26736111 L16.15625,5.5 C16.15625,4.72334957 15.5266504,4.09375 14.75,4.09375 L13.3993056,4.09375 L13.3993056,4.55555556 C13.3993056,5.02154581 13.0215458,5.39930556 12.5555556,5.39930556 C12.0895653,5.39930556 11.7118056,5.02154581 11.7118056,4.55555556 L11.7118056,4.09375 L6.28819444,4.09375 L6.28819444,4.55555556 C6.28819444,5.02154581 5.9104347,5.39930556 5.44444444,5.39930556 C4.97845419,5.39930556 4.60069444,5.02154581 4.60069444,4.55555556 L4.60069444,4.09375 Z M6.28819444,2.40625 L11.7118056,2.40625 L11.7118056,1 C11.7118056,0.534009742 12.0895653,0.15625 12.5555556,0.15625 C13.0215458,0.15625 13.3993056,0.534009742 13.3993056,1 L13.3993056,2.40625 L14.75,2.40625 C16.4586309,2.40625 17.84375,3.79136906 17.84375,5.5 L17.84375,15.875 C17.84375,17.5836309 16.4586309,18.96875 14.75,18.96875 L3.25,18.96875 C1.54136906,18.96875 0.15625,17.5836309 0.15625,15.875 L0.15625,5.5 C0.15625,3.79136906 1.54136906,2.40625 3.25,2.40625 L4.60069444,2.40625 L4.60069444,1 C4.60069444,0.534009742 4.97845419,0.15625 5.44444444,0.15625 C5.9104347,0.15625 6.28819444,0.534009742 6.28819444,1 L6.28819444,2.40625 Z M1.84375,8.95486111 L1.84375,15.875 C1.84375,16.6516504 2.47334957,17.28125 3.25,17.28125 L14.75,17.28125 C15.5266504,17.28125 16.15625,16.6516504 16.15625,15.875 L16.15625,8.95486111 L1.84375,8.95486111 Z\"\/><\/svg>Jul 29, 2026<\/span><\/div><\/div><\/div><\/div><\/div><div class=\"ultp-block-item post-id-64120\"><div class=\"ultp-block-content-wrap ultp-block-content-overlay\"><div class=\"ultp-block-image ultp-block-image-zoomOut ultp-block-image-overlay ultp-block-image-custom\"><a href=\"https:\/\/elfederalonline.com\/2026\/07\/28\/milei-anuncio-un-acuerdo-con-starlink-para-llevar-internet-satelital-a-6-000-escuelas-rurales-en-todo-el-pais\/\" ><img decoding=\"async\"  alt=\"Milei anunci\u00f3 un acuerdo con Starlink para llevar internet satelital a 6.000 escuelas rurales en todo el pa\u00eds\"  src=\"https:\/\/elfederalonline.com\/wp-content\/uploads\/2026\/07\/musk2-870x570.jpg\" \/><\/a><\/div><div class=\"ultp-block-content ultp-block-content-bottomPosition\"><div class=\"ultp-block-content-inner\"><h3 class=\"ultp-block-title \"><a href=\"https:\/\/elfederalonline.com\/2026\/07\/28\/milei-anuncio-un-acuerdo-con-starlink-para-llevar-internet-satelital-a-6-000-escuelas-rurales-en-todo-el-pais\/\" >Milei anunci\u00f3 un acuerdo con Starlink para llevar internet satelital a 6.000 escuelas rurales en todo el pa\u00eds<\/a><\/h3><div class=\"ultp-block-meta ultp-block-meta-dash ultp-block-meta-style3\"><span class=\"ultp-block-author ultp-block-meta-element\"><img decoding=\"async\" loading=\"lazy\" class=\"ultp-meta-author-img\" src=\"https:\/\/elfederalonline.com\/wp-content\/litespeed\/avatar\/f400d27a44aea9eb6f5deb56fcf32ab2.jpg?ver=1785590879\" alt=\"By\" \/>By<a class=\"\" href=\"https:\/\/elfederalonline.com\/author\/redaccion\/\">Redaccion El Federal<\/a><\/span><span class=\"ultp-block-date ultp-block-meta-element\"><svg xmlns=\"http:\/\/www.w3.org\/2000\/svg\" viewBox=\"0 0 18 19\"><path d=\"M4.60069444,4.09375 L3.25,4.09375 C2.47334957,4.09375 1.84375,4.72334957 1.84375,5.5 L1.84375,7.26736111 L16.15625,7.26736111 L16.15625,5.5 C16.15625,4.72334957 15.5266504,4.09375 14.75,4.09375 L13.3993056,4.09375 L13.3993056,4.55555556 C13.3993056,5.02154581 13.0215458,5.39930556 12.5555556,5.39930556 C12.0895653,5.39930556 11.7118056,5.02154581 11.7118056,4.55555556 L11.7118056,4.09375 L6.28819444,4.09375 L6.28819444,4.55555556 C6.28819444,5.02154581 5.9104347,5.39930556 5.44444444,5.39930556 C4.97845419,5.39930556 4.60069444,5.02154581 4.60069444,4.55555556 L4.60069444,4.09375 Z M6.28819444,2.40625 L11.7118056,2.40625 L11.7118056,1 C11.7118056,0.534009742 12.0895653,0.15625 12.5555556,0.15625 C13.0215458,0.15625 13.3993056,0.534009742 13.3993056,1 L13.3993056,2.40625 L14.75,2.40625 C16.4586309,2.40625 17.84375,3.79136906 17.84375,5.5 L17.84375,15.875 C17.84375,17.5836309 16.4586309,18.96875 14.75,18.96875 L3.25,18.96875 C1.54136906,18.96875 0.15625,17.5836309 0.15625,15.875 L0.15625,5.5 C0.15625,3.79136906 1.54136906,2.40625 3.25,2.40625 L4.60069444,2.40625 L4.60069444,1 C4.60069444,0.534009742 4.97845419,0.15625 5.44444444,0.15625 C5.9104347,0.15625 6.28819444,0.534009742 6.28819444,1 L6.28819444,2.40625 Z M1.84375,8.95486111 L1.84375,15.875 C1.84375,16.6516504 2.47334957,17.28125 3.25,17.28125 L14.75,17.28125 C15.5266504,17.28125 16.15625,16.6516504 16.15625,15.875 L16.15625,8.95486111 L1.84375,8.95486111 Z\"\/><\/svg>Jul 28, 2026<\/span><\/div><\/div><\/div><\/div><\/div><div class=\"ultp-block-item post-id-63928\"><div class=\"ultp-block-content-wrap ultp-block-content-overlay\"><div class=\"ultp-block-image ultp-block-image-zoomOut ultp-block-image-overlay ultp-block-image-custom\"><a href=\"https:\/\/elfederalonline.com\/2026\/07\/17\/la-justicia-federal-proceso-a-jorge-capitanich-por-la-adjudicacion-de-mas-de-3-mil-hectareas-de-tierras-fiscales\/\" ><img decoding=\"async\"  alt=\"La Justicia Federal proces\u00f3 a Jorge Capitanich por la adjudicaci\u00f3n de m\u00e1s de 3 mil hect\u00e1reas de tierras fiscales\"  src=\"https:\/\/elfederalonline.com\/wp-content\/uploads\/2026\/07\/capitanich1-870x570.jpg\" \/><\/a><\/div><div class=\"ultp-block-content ultp-block-content-bottomPosition\"><div class=\"ultp-block-content-inner\"><h3 class=\"ultp-block-title \"><a href=\"https:\/\/elfederalonline.com\/2026\/07\/17\/la-justicia-federal-proceso-a-jorge-capitanich-por-la-adjudicacion-de-mas-de-3-mil-hectareas-de-tierras-fiscales\/\" >La Justicia Federal proces\u00f3 a Jorge Capitanich por la adjudicaci\u00f3n de m\u00e1s de 3 mil hect\u00e1reas de tierras fiscales<\/a><\/h3><div class=\"ultp-block-meta ultp-block-meta-dash ultp-block-meta-style3\"><span class=\"ultp-block-author ultp-block-meta-element\"><img decoding=\"async\" loading=\"lazy\" class=\"ultp-meta-author-img\" src=\"https:\/\/elfederalonline.com\/wp-content\/litespeed\/avatar\/f400d27a44aea9eb6f5deb56fcf32ab2.jpg?ver=1785590879\" alt=\"By\" \/>By<a class=\"\" href=\"https:\/\/elfederalonline.com\/author\/redaccion\/\">Redaccion El Federal<\/a><\/span><span class=\"ultp-block-date ultp-block-meta-element\"><svg xmlns=\"http:\/\/www.w3.org\/2000\/svg\" viewBox=\"0 0 18 19\"><path d=\"M4.60069444,4.09375 L3.25,4.09375 C2.47334957,4.09375 1.84375,4.72334957 1.84375,5.5 L1.84375,7.26736111 L16.15625,7.26736111 L16.15625,5.5 C16.15625,4.72334957 15.5266504,4.09375 14.75,4.09375 L13.3993056,4.09375 L13.3993056,4.55555556 C13.3993056,5.02154581 13.0215458,5.39930556 12.5555556,5.39930556 C12.0895653,5.39930556 11.7118056,5.02154581 11.7118056,4.55555556 L11.7118056,4.09375 L6.28819444,4.09375 L6.28819444,4.55555556 C6.28819444,5.02154581 5.9104347,5.39930556 5.44444444,5.39930556 C4.97845419,5.39930556 4.60069444,5.02154581 4.60069444,4.55555556 L4.60069444,4.09375 Z M6.28819444,2.40625 L11.7118056,2.40625 L11.7118056,1 C11.7118056,0.534009742 12.0895653,0.15625 12.5555556,0.15625 C13.0215458,0.15625 13.3993056,0.534009742 13.3993056,1 L13.3993056,2.40625 L14.75,2.40625 C16.4586309,2.40625 17.84375,3.79136906 17.84375,5.5 L17.84375,15.875 C17.84375,17.5836309 16.4586309,18.96875 14.75,18.96875 L3.25,18.96875 C1.54136906,18.96875 0.15625,17.5836309 0.15625,15.875 L0.15625,5.5 C0.15625,3.79136906 1.54136906,2.40625 3.25,2.40625 L4.60069444,2.40625 L4.60069444,1 C4.60069444,0.534009742 4.97845419,0.15625 5.44444444,0.15625 C5.9104347,0.15625 6.28819444,0.534009742 6.28819444,1 L6.28819444,2.40625 Z M1.84375,8.95486111 L1.84375,15.875 C1.84375,16.6516504 2.47334957,17.28125 3.25,17.28125 L14.75,17.28125 C15.5266504,17.28125 16.15625,16.6516504 16.15625,15.875 L16.15625,8.95486111 L1.84375,8.95486111 Z\"\/><\/svg>Jul 17, 2026<\/span><\/div><\/div><\/div><\/div><\/div><div class=\"ultp-block-item post-id-63802\"><div class=\"ultp-block-content-wrap ultp-block-content-overlay\"><div class=\"ultp-block-image ultp-block-image-zoomOut ultp-block-image-overlay ultp-block-image-custom\"><a href=\"https:\/\/elfederalonline.com\/2026\/07\/05\/julio-llega-con-cientos-de-oportunidades-laborales-en-mineria-como-postularse-y-donde-enviar-el-cv\/\" ><img decoding=\"async\"  alt=\"Julio llega con cientos de oportunidades laborales en miner\u00eda: c\u00f3mo postularse y d\u00f3nde enviar el CV\"  src=\"https:\/\/elfederalonline.com\/wp-content\/uploads\/2026\/04\/vicuna2-870x570.jpg\" \/><\/a><\/div><div class=\"ultp-block-content ultp-block-content-bottomPosition\"><div class=\"ultp-block-content-inner\"><h3 class=\"ultp-block-title \"><a href=\"https:\/\/elfederalonline.com\/2026\/07\/05\/julio-llega-con-cientos-de-oportunidades-laborales-en-mineria-como-postularse-y-donde-enviar-el-cv\/\" >Julio llega con cientos de oportunidades laborales en miner\u00eda: c\u00f3mo postularse y d\u00f3nde enviar el CV<\/a><\/h3><div class=\"ultp-block-meta ultp-block-meta-dash ultp-block-meta-style3\"><span class=\"ultp-block-author ultp-block-meta-element\"><img decoding=\"async\" loading=\"lazy\" class=\"ultp-meta-author-img\" src=\"https:\/\/elfederalonline.com\/wp-content\/litespeed\/avatar\/f400d27a44aea9eb6f5deb56fcf32ab2.jpg?ver=1785590879\" alt=\"By\" \/>By<a class=\"\" href=\"https:\/\/elfederalonline.com\/author\/redaccion\/\">Redaccion El Federal<\/a><\/span><span class=\"ultp-block-date ultp-block-meta-element\"><svg xmlns=\"http:\/\/www.w3.org\/2000\/svg\" viewBox=\"0 0 18 19\"><path d=\"M4.60069444,4.09375 L3.25,4.09375 C2.47334957,4.09375 1.84375,4.72334957 1.84375,5.5 L1.84375,7.26736111 L16.15625,7.26736111 L16.15625,5.5 C16.15625,4.72334957 15.5266504,4.09375 14.75,4.09375 L13.3993056,4.09375 L13.3993056,4.55555556 C13.3993056,5.02154581 13.0215458,5.39930556 12.5555556,5.39930556 C12.0895653,5.39930556 11.7118056,5.02154581 11.7118056,4.55555556 L11.7118056,4.09375 L6.28819444,4.09375 L6.28819444,4.55555556 C6.28819444,5.02154581 5.9104347,5.39930556 5.44444444,5.39930556 C4.97845419,5.39930556 4.60069444,5.02154581 4.60069444,4.55555556 L4.60069444,4.09375 Z M6.28819444,2.40625 L11.7118056,2.40625 L11.7118056,1 C11.7118056,0.534009742 12.0895653,0.15625 12.5555556,0.15625 C13.0215458,0.15625 13.3993056,0.534009742 13.3993056,1 L13.3993056,2.40625 L14.75,2.40625 C16.4586309,2.40625 17.84375,3.79136906 17.84375,5.5 L17.84375,15.875 C17.84375,17.5836309 16.4586309,18.96875 14.75,18.96875 L3.25,18.96875 C1.54136906,18.96875 0.15625,17.5836309 0.15625,15.875 L0.15625,5.5 C0.15625,3.79136906 1.54136906,2.40625 3.25,2.40625 L4.60069444,2.40625 L4.60069444,1 C4.60069444,0.534009742 4.97845419,0.15625 5.44444444,0.15625 C5.9104347,0.15625 6.28819444,0.534009742 6.28819444,1 L6.28819444,2.40625 Z M1.84375,8.95486111 L1.84375,15.875 C1.84375,16.6516504 2.47334957,17.28125 3.25,17.28125 L14.75,17.28125 C15.5266504,17.28125 16.15625,16.6516504 16.15625,15.875 L16.15625,8.95486111 L1.84375,8.95486111 Z\"\/><\/svg>Jul 5, 2026<\/span><\/div><\/div><\/div><\/div><\/div><div class=\"ultp-block-item post-id-63792\"><div class=\"ultp-block-content-wrap ultp-block-content-overlay\"><div class=\"ultp-block-image ultp-block-image-zoomOut ultp-block-image-overlay ultp-block-image-custom\"><a href=\"https:\/\/elfederalonline.com\/2026\/07\/04\/se-inicio-la-busqueda-de-personal-para-el-campamento-de-vicuna-y-ya-se-registran-miles-de-postulaciones\/\" ><img decoding=\"async\"  alt=\"Se inici\u00f3 la b\u00fasqueda de personal para el campamento de Vicu\u00f1a y ya se registran miles de postulaciones\"  src=\"https:\/\/elfederalonline.com\/wp-content\/uploads\/2026\/07\/campamento-870x570.jpg\" \/><\/a><\/div><div class=\"ultp-block-content ultp-block-content-bottomPosition\"><div class=\"ultp-block-content-inner\"><h3 class=\"ultp-block-title \"><a href=\"https:\/\/elfederalonline.com\/2026\/07\/04\/se-inicio-la-busqueda-de-personal-para-el-campamento-de-vicuna-y-ya-se-registran-miles-de-postulaciones\/\" >Se inici\u00f3 la b\u00fasqueda de personal para el campamento de Vicu\u00f1a y ya se registran miles de postulaciones<\/a><\/h3><div class=\"ultp-block-meta ultp-block-meta-dash ultp-block-meta-style3\"><span class=\"ultp-block-author ultp-block-meta-element\"><img decoding=\"async\" loading=\"lazy\" class=\"ultp-meta-author-img\" src=\"https:\/\/elfederalonline.com\/wp-content\/litespeed\/avatar\/f400d27a44aea9eb6f5deb56fcf32ab2.jpg?ver=1785590879\" alt=\"By\" \/>By<a class=\"\" href=\"https:\/\/elfederalonline.com\/author\/redaccion\/\">Redaccion El Federal<\/a><\/span><span class=\"ultp-block-date ultp-block-meta-element\"><svg xmlns=\"http:\/\/www.w3.org\/2000\/svg\" viewBox=\"0 0 18 19\"><path d=\"M4.60069444,4.09375 L3.25,4.09375 C2.47334957,4.09375 1.84375,4.72334957 1.84375,5.5 L1.84375,7.26736111 L16.15625,7.26736111 L16.15625,5.5 C16.15625,4.72334957 15.5266504,4.09375 14.75,4.09375 L13.3993056,4.09375 L13.3993056,4.55555556 C13.3993056,5.02154581 13.0215458,5.39930556 12.5555556,5.39930556 C12.0895653,5.39930556 11.7118056,5.02154581 11.7118056,4.55555556 L11.7118056,4.09375 L6.28819444,4.09375 L6.28819444,4.55555556 C6.28819444,5.02154581 5.9104347,5.39930556 5.44444444,5.39930556 C4.97845419,5.39930556 4.60069444,5.02154581 4.60069444,4.55555556 L4.60069444,4.09375 Z M6.28819444,2.40625 L11.7118056,2.40625 L11.7118056,1 C11.7118056,0.534009742 12.0895653,0.15625 12.5555556,0.15625 C13.0215458,0.15625 13.3993056,0.534009742 13.3993056,1 L13.3993056,2.40625 L14.75,2.40625 C16.4586309,2.40625 17.84375,3.79136906 17.84375,5.5 L17.84375,15.875 C17.84375,17.5836309 16.4586309,18.96875 14.75,18.96875 L3.25,18.96875 C1.54136906,18.96875 0.15625,17.5836309 0.15625,15.875 L0.15625,5.5 C0.15625,3.79136906 1.54136906,2.40625 3.25,2.40625 L4.60069444,2.40625 L4.60069444,1 C4.60069444,0.534009742 4.97845419,0.15625 5.44444444,0.15625 C5.9104347,0.15625 6.28819444,0.534009742 6.28819444,1 L6.28819444,2.40625 Z M1.84375,8.95486111 L1.84375,15.875 C1.84375,16.6516504 2.47334957,17.28125 3.25,17.28125 L14.75,17.28125 C15.5266504,17.28125 16.15625,16.6516504 16.15625,15.875 L16.15625,8.95486111 L1.84375,8.95486111 Z\"\/><\/svg>Jul 4, 2026<\/span><\/div><\/div><\/div><\/div><\/div><\/div><\/div><div class=\"pagination-block-html\" aria-hidden=\"true\" style=\"display: none;\"><\/div><\/div>\n\n\n<div class=\"wp-block-columns is-layout-flex wp-container-core-columns-is-layout-7387b849 wp-block-columns-is-layout-flex\">\n<div class=\"wp-block-column is-layout-flow wp-block-column-is-layout-flow\" style=\"flex-basis:70%\"><div  class=\"wp-block-ultimate-post-image ultp-block-82e1fe\"><div class=\"ultp-block-wrapper\"><figure class=\"ultp-image-block-wrapper\"><div class=\"ultp-image-block ultp-image-block-none\"><a href=\"https:\/\/www.larioja.gov.ar\/\" target=\"_blank\"><img decoding=\"async\"  class=\"ultp-image\"  alt=\"La Rioja Gobierno\"  src=\"https:\/\/elfederalonline.com\/wp-content\/uploads\/2024\/10\/PAUTAWEB_INSTITUCIONAL-970X90.png\" \/><\/a><\/div><\/figure><\/div><\/div>\n\n<div  class=\"wp-block-ultimate-post-image ultp-block-d460cb\"><div class=\"ultp-block-wrapper\"><figure class=\"ultp-image-block-wrapper\"><div class=\"ultp-image-block ultp-image-block-none\"><a href=\"https:\/\/iparatodos.com.ar\" target=\"_blank\"><img decoding=\"async\"  class=\"ultp-image\"  alt=\"Internet para todos\"  src=\"https:\/\/elfederalonline.com\/wp-content\/uploads\/2026\/08\/banneriptodos.jpeg\" \/><\/a><\/div><\/figure><\/div><\/div>\n\n<div id=\"Destacadas\"  class=\"ultp-post-grid-block wp-block-ultimate-post-post-grid-1 ultp-block-a1b966\"><div class=\"ultp-block-wrapper\"><div class=\"ultp-loading\"><div class=\"ultp-loading-blocks\" style=\"width:100%;height:100%;\"><div style=\"left: 0;top: 0;animation-delay:0s;\"><\/div><div style=\"left: 21px;top: 0;animation-delay:0.125s;\"><\/div><div style=\"left: 42px;top: 0;animation-delay:0.25s;\"><\/div><div style=\"left: 0;top: 21px;animation-delay:0.875s;\"><\/div><div style=\"left: 42px;top: 21px;animation-delay:0.375s;\"><\/div><div style=\"left: 0;top: 42px;animation-delay:0.75s;\"><\/div><div style=\"left: 42px;top: 42px;animation-delay:0.625s;\"><\/div><div style=\"left: 21px;top: 42px;animation-delay:0.5s;\"><\/div><\/div><\/div><div class=\"ultp-heading-filter\"><div class=\"ultp-heading-filter-in\"><div class=\"ultp-heading-wrap ultp-heading-style1 ultp-heading-left\"><h2 class=\"ultp-heading-inner\"><span>Destacadas<\/span><\/h2><div class=\"ultp-sub-heading\"><div class=\"ultp-sub-heading-inner\"><\/div><\/div><\/div><div class=\"ultp-filter-navigation\"><\/div><\/div><\/div><div class=\"ultp-block-items-wrap ultp-block-row ultp-pg1a-style1 ultp-grid1-responsive ultp-block-column-2 ultp-sm-column-1 1 ultp-layout1\"><div class=\"ultp-block-item post-id-64324\"><div class=\"ultp-block-content-wrap\"><div class=\"ultp-block-image ultp-block-image-zoomOut\"><a href=\"https:\/\/elfederalonline.com\/2026\/08\/03\/ante-el-paro-docente-el-gobierno-controlara-a-los-colegios-para-que-cumplan-el-75-de-cobertura-presencial\/\" ><img decoding=\"async\"  class=\"ultp-block-image-content\"  alt=\"Ante el paro docente, el gobierno controlar\u00e1 a los colegios para que cumplan el 75% de cobertura presencial\"  src=\"https:\/\/elfederalonline.com\/wp-content\/uploads\/2022\/05\/CEM-1-AULAS-VACIAS-ESCUELAS-ALUMNOS-ROCA-870x570.jpg\" \/><\/a><div class=\"ultp-category-img-grid\"><div class=\"ultp-category-grid ultp-category-classic ultp-category-topLeft\"><div class=\"ultp-category-in\"><a class=\"ultp-cat-argentina\" href=\"https:\/\/elfederalonline.com\/category\/argentina\/\"  >Argentina<\/a><\/div><\/div><\/div><\/div><div class=\"ultp-block-content\"><h3 class=\"ultp-block-title \"><a href=\"https:\/\/elfederalonline.com\/2026\/08\/03\/ante-el-paro-docente-el-gobierno-controlara-a-los-colegios-para-que-cumplan-el-75-de-cobertura-presencial\/\" >Ante el paro docente, el gobierno controlar\u00e1 a los colegios para que cumplan el 75% de cobertura presencial<\/a><\/h3><\/div><\/div><\/div><div class=\"ultp-block-item post-id-64320\"><div class=\"ultp-block-content-wrap\"><div class=\"ultp-block-image ultp-block-image-zoomOut\"><a href=\"https:\/\/elfederalonline.com\/2026\/08\/03\/como-impactaria-en-la-rioja-la-ley-de-inviolabilidad-de-la-propiedad-privada-que-impulsa-milei\/\" ><img decoding=\"async\"  class=\"ultp-block-image-content\"  alt=\"\u00bfC\u00f3mo impactar\u00eda en La Rioja la Ley de Inviolabilidad de la Propiedad Privada que impulsa Milei?\"  src=\"https:\/\/elfederalonline.com\/wp-content\/uploads\/2024\/05\/milei-cepo1-870x570.jpg\" \/><\/a><div class=\"ultp-category-img-grid\"><div class=\"ultp-category-grid ultp-category-classic ultp-category-topLeft\"><div class=\"ultp-category-in\"><a class=\"ultp-cat-la-rioja\" href=\"https:\/\/elfederalonline.com\/category\/la-rioja\/\"  >La Rioja<\/a><\/div><\/div><\/div><\/div><div class=\"ultp-block-content\"><h3 class=\"ultp-block-title \"><a href=\"https:\/\/elfederalonline.com\/2026\/08\/03\/como-impactaria-en-la-rioja-la-ley-de-inviolabilidad-de-la-propiedad-privada-que-impulsa-milei\/\" >\u00bfC\u00f3mo impactar\u00eda en La Rioja la Ley de Inviolabilidad de la Propiedad Privada que impulsa Milei?<\/a><\/h3><\/div><\/div><\/div><div class=\"ultp-block-item post-id-64314\"><div class=\"ultp-block-content-wrap\"><div class=\"ultp-block-image ultp-block-image-zoomOut\"><a href=\"https:\/\/elfederalonline.com\/2026\/08\/03\/conmocion-en-chilecito-una-bebe-de-dos-meses-dio-positivo-para-cocaina-y-quedo-bajo-proteccion-judicial\/\" ><img decoding=\"async\"  class=\"ultp-block-image-content\"  alt=\"Conmoci\u00f3n en Chilecito: una beb\u00e9 de dos meses dio positivo para coca\u00edna y qued\u00f3 bajo protecci\u00f3n judicial\"  src=\"https:\/\/elfederalonline.com\/wp-content\/uploads\/2026\/08\/mano-de-bebe.jpg\" \/><\/a><div class=\"ultp-category-img-grid\"><div class=\"ultp-category-grid ultp-category-classic ultp-category-topLeft\"><div class=\"ultp-category-in\"><a class=\"ultp-cat-la-rioja\" href=\"https:\/\/elfederalonline.com\/category\/la-rioja\/\"  >La Rioja<\/a><\/div><\/div><\/div><\/div><div class=\"ultp-block-content\"><h3 class=\"ultp-block-title \"><a href=\"https:\/\/elfederalonline.com\/2026\/08\/03\/conmocion-en-chilecito-una-bebe-de-dos-meses-dio-positivo-para-cocaina-y-quedo-bajo-proteccion-judicial\/\" >Conmoci\u00f3n en Chilecito: una beb\u00e9 de dos meses dio positivo para coca\u00edna y qued\u00f3 bajo protecci\u00f3n judicial<\/a><\/h3><\/div><\/div><\/div><div class=\"ultp-block-item post-id-64310\"><div class=\"ultp-block-content-wrap\"><div class=\"ultp-block-image ultp-block-image-zoomOut\"><a href=\"https:\/\/elfederalonline.com\/2026\/08\/02\/la-rioja-recibe-a-maximo-kirchner-mientras-la-justicia-acelera-el-juicio-por-hotesur-los-sauces-lo-que-nadie-habla\/\" ><img decoding=\"async\"  class=\"ultp-block-image-content\"  alt=\"La Rioja recibe a M\u00e1ximo Kirchner mientras la Justicia acelera el juicio por Hotesur-Los Sauces: lo que nadie habla\"  src=\"https:\/\/elfederalonline.com\/wp-content\/uploads\/2026\/08\/maximo-lr4-870x570.jpg\" \/><\/a><div class=\"ultp-category-img-grid\"><div class=\"ultp-category-grid ultp-category-classic ultp-category-topLeft\"><div class=\"ultp-category-in\"><a class=\"ultp-cat-la-rioja\" href=\"https:\/\/elfederalonline.com\/category\/la-rioja\/\"  >La Rioja<\/a><\/div><\/div><\/div><\/div><div class=\"ultp-block-content\"><h3 class=\"ultp-block-title \"><a href=\"https:\/\/elfederalonline.com\/2026\/08\/02\/la-rioja-recibe-a-maximo-kirchner-mientras-la-justicia-acelera-el-juicio-por-hotesur-los-sauces-lo-que-nadie-habla\/\" >La Rioja recibe a M\u00e1ximo Kirchner mientras la Justicia acelera el juicio por Hotesur-Los Sauces: lo que nadie habla<\/a><\/h3><\/div><\/div><\/div><div class=\"ultp-block-item post-id-64304\"><div class=\"ultp-block-content-wrap\"><div class=\"ultp-block-image ultp-block-image-zoomOut\"><a href=\"https:\/\/elfederalonline.com\/2026\/08\/02\/tension-en-aimogasta-familias-ocuparon-viviendas-en-construccion-para-tener-un-techo\/\" ><img decoding=\"async\"  class=\"ultp-block-image-content\"  alt=\"Tensi\u00f3n en Aimogasta: familias ocuparon viviendas en construcci\u00f3n para tener un techo\"  src=\"https:\/\/elfederalonline.com\/wp-content\/uploads\/2026\/08\/toma-de-viviendas3-870x570.jpg\" \/><\/a><div class=\"ultp-category-img-grid\"><div class=\"ultp-category-grid ultp-category-classic ultp-category-topLeft\"><div class=\"ultp-category-in\"><a class=\"ultp-cat-la-rioja\" href=\"https:\/\/elfederalonline.com\/category\/la-rioja\/\"  >La Rioja<\/a><\/div><\/div><\/div><\/div><div class=\"ultp-block-content\"><h3 class=\"ultp-block-title \"><a href=\"https:\/\/elfederalonline.com\/2026\/08\/02\/tension-en-aimogasta-familias-ocuparon-viviendas-en-construccion-para-tener-un-techo\/\" >Tensi\u00f3n en Aimogasta: familias ocuparon viviendas en construcci\u00f3n para tener un techo<\/a><\/h3><\/div><\/div><\/div><div class=\"ultp-block-item post-id-64285\"><div class=\"ultp-block-content-wrap\"><div class=\"ultp-block-image ultp-block-image-zoomOut\"><a href=\"https:\/\/elfederalonline.com\/2026\/08\/01\/precaucion-pronostican-viento-zonda-lluvias-y-rafagas-peligrosas-en-la-rioja-y-estos-son-los-departamentos-mas-afectados\/\" ><img decoding=\"async\"  class=\"ultp-block-image-content\"  alt=\"Precauci\u00f3n: pronostican viento Zonda, lluvias y r\u00e1fagas peligrosas en La Rioja y estos son los departamentos m\u00e1s afectados\"  src=\"https:\/\/elfederalonline.com\/wp-content\/uploads\/2026\/08\/zonda-lr1-870x570.jpg\" \/><\/a><div class=\"ultp-category-img-grid\"><div class=\"ultp-category-grid ultp-category-classic ultp-category-topLeft\"><div class=\"ultp-category-in\"><a class=\"ultp-cat-la-rioja\" href=\"https:\/\/elfederalonline.com\/category\/la-rioja\/\"  >La Rioja<\/a><\/div><\/div><\/div><\/div><div class=\"ultp-block-content\"><h3 class=\"ultp-block-title \"><a href=\"https:\/\/elfederalonline.com\/2026\/08\/01\/precaucion-pronostican-viento-zonda-lluvias-y-rafagas-peligrosas-en-la-rioja-y-estos-son-los-departamentos-mas-afectados\/\" >Precauci\u00f3n: pronostican viento Zonda, lluvias y r\u00e1fagas peligrosas en La Rioja y estos son los departamentos m\u00e1s afectados<\/a><\/h3><\/div><\/div><\/div><\/div><div class=\"ultp-pagination-wrap ultp-pagination-ajax-action\" data-paged=\"1\" data-expost=\"\"  data-blockid=\"a1b966\" data-postid=\"941\" data-pages=\"2315\" data-blockname=\"ultimate-post_post-grid-1\" data-selfpostid=\"yes\"><ul class=\"ultp-pagination\"><li class=\"ultp-prev-page-numbers\" style=\"display:none\"><a href=\"https:\/\/elfederalonline.com\/wp-json\/wp\/v2\/pages\/941\/\"><svg enable-background=\"new 0 0 477.175 477.175\" version=\"1.1\" viewBox=\"0 0 477.18 477.18\"><path d=\"m145.19 238.58 215.5-215.5c5.3-5.3 5.3-13.8 0-19.1s-13.8-5.3-19.1 0l-225.1 225.1c-5.3 5.3-5.3 13.8 0 19.1l225.1 225c2.6 2.6 6.1 4 9.5 4s6.9-1.3 9.5-4c5.3-5.3 5.3-13.8 0-19.1l-215.4-215.5z\"><\/path><\/svg> <\/a><\/li><li class=\"ultp-first-pages\" style=\"display:none\" data-current=\"1\"><a href=\"https:\/\/elfederalonline.com\/wp-json\/wp\/v2\/pages\/941\/\">1<\/a><\/li><li class=\"ultp-first-dot\"style=\"display:none\"><a href=\"#\">&#8230;<\/a><\/li><li class=\"ultp-center-item pagination-active\" data-current=\"1\"><a href=\"https:\/\/elfederalonline.com\/wp-json\/wp\/v2\/pages\/941\/\">1<\/a><\/li><li class=\"ultp-center-item\" data-current=\"2\" ><a href=\"https:\/\/elfederalonline.com\/wp-json\/wp\/v2\/pages\/941\/page\/2\/\">2<\/a><\/li><li class=\"ultp-center-item\" data-current=\"3\" ><a href=\"https:\/\/elfederalonline.com\/wp-json\/wp\/v2\/pages\/941\/page\/3\/\">3<\/a><\/li><li class=\"ultp-last-dot\" ><a href=\"#\">&#8230;<\/a><\/li><li class=\"ultp-last-pages\" data-current=\"2315\"><a href=\"https:\/\/elfederalonline.com\/wp-json\/wp\/v2\/pages\/941\/page\/2315\/\">2315<\/a><\/li><li class=\"ultp-next-page-numbers\"><a href=\"https:\/\/elfederalonline.com\/wp-json\/wp\/v2\/pages\/941\/page\/2\/\"><svg enable-background=\"new 0 0 477.175 477.175\" version=\"1.1\" viewBox=\"0 0 477.18 477.18\"><path d=\"m360.73 229.08-225.1-225.1c-5.3-5.3-13.8-5.3-19.1 0s-5.3 13.8 0 19.1l215.5 215.5-215.5 215.5c-5.3 5.3-5.3 13.8 0 19.1 2.6 2.6 6.1 4 9.5 4s6.9-1.3 9.5-4l225.1-225.1c5.3-5.2 5.3-13.8 0.1-19z\"><\/path><\/svg><\/a><\/li><\/ul><\/div><\/div><div class=\"pagination-block-html\" aria-hidden=\"true\" style=\"display: none;\"><\/div><\/div><\/div>\n\n\n\n<div class=\"wp-block-column is-layout-flow wp-block-column-is-layout-flow\" style=\"flex-basis:30%\">\n<div style=\"height:70px\" aria-hidden=\"true\" class=\"wp-block-spacer\"><\/div>\n\n\n<div  class=\"wp-block-ultimate-post-image ultp-block-04c693\"><div class=\"ultp-block-wrapper\"><figure class=\"ultp-image-block-wrapper\"><div class=\"ultp-image-block ultp-image-block-none\"><a href=\"https:\/\/www.instagram.com\/havanna.larioja\/\" target=\"_blank\"><img decoding=\"async\"  class=\"ultp-image\"  alt=\"Havanna La rioja\"  src=\"https:\/\/elfederalonline.com\/wp-content\/uploads\/2025\/10\/WhatsApp-Image-2025-09-26-at-12.30.45-PM-300x157.jpeg\" \/><\/a><\/div><\/figure><\/div><\/div>\n\n<div  class=\"wp-block-ultimate-post-image ultp-block-eb445d\"><div class=\"ultp-block-wrapper\"><figure class=\"ultp-image-block-wrapper\"><div class=\"ultp-image-block ultp-image-block-none\"><a href=\"https:\/\/www.facebook.com\/CredilotesLR\/\" target=\"_blank\"><img decoding=\"async\"  class=\"ultp-image\"  alt=\"Image\"  src=\"https:\/\/elfederalonline.com\/wp-content\/uploads\/2022\/07\/cllr.png\" \/><\/a><\/div><\/figure><\/div><\/div>\n\n<div  class=\"wp-block-ultimate-post-image ultp-block-c4aa4f\"><div class=\"ultp-block-wrapper\"><figure class=\"ultp-image-block-wrapper\"><div class=\"ultp-image-block ultp-image-block-none\"><a href=\"https:\/\/www.farmanor.com.ar\/?fbclid=IwZXh0bgNhZW0CMTAAAR0I45NgH86CCG32511K6bzyZKbezY0IkkOv3FEYZ2fVsY85kca22N9e7mY_aem_AfZEfnbnZ-F_5tcxaRhfsFi69Rh228ubDG-Gqv2iNVj_2vJ-DaPs29pBmDGVImmgekh1Nxt7P8O6NngRr0_sLTd3\" target=\"_blank\"><img decoding=\"async\"  class=\"ultp-image\"  alt=\"Farmanor\"  src=\"https:\/\/elfederalonline.com\/wp-content\/uploads\/2024\/07\/WhatsApp-Image-2024-06-13-at-1.12.36-PM.jpeg\" \/><\/a><\/div><\/figure><\/div><\/div>\n\n<div  class=\"wp-block-ultimate-post-image ultp-block-8eba21\"><div class=\"ultp-block-wrapper\"><figure class=\"ultp-image-block-wrapper\"><div class=\"ultp-image-block ultp-image-block-none\"><a href=\"https:\/\/www.larioja.gov.ar\/\/\" target=\"_blank\"><img decoding=\"async\"  class=\"ultp-image\"  alt=\"Gobierno de La Rioja\"  src=\"https:\/\/elfederalonline.com\/wp-content\/uploads\/2024\/06\/WhatsApp-Image-2024-06-06-at-11.10.23-AM.jpeg\" \/><\/a><\/div><\/figure><\/div><\/div>\n\n<div  class=\"wp-block-ultimate-post-image ultp-block-3dd674\"><div class=\"ultp-block-wrapper\"><figure class=\"ultp-image-block-wrapper\"><div class=\"ultp-image-block ultp-image-block-none\"><a href=\"https:\/\/www.larioja.gov.ar\/\/\" target=\"_blank\"><img decoding=\"async\"  class=\"ultp-image\"  alt=\"Baj un cambio\"  src=\"https:\/\/elfederalonline.com\/wp-content\/uploads\/2024\/10\/CASCO_900x1600_GIF.gif\" \/><\/a><\/div><\/figure><\/div><\/div>\n\n<div id=\"en_resumen\"  class=\"ultp-post-grid-block wp-block-ultimate-post-post-grid-2 ultp-block-c57f6c\"><div class=\"ultp-block-wrapper\"><div class=\"ultp-loading\"><div class=\"ultp-loading-blocks\" style=\"width:100%;height:100%;\"><div style=\"left: 0;top: 0;animation-delay:0s;\"><\/div><div style=\"left: 21px;top: 0;animation-delay:0.125s;\"><\/div><div style=\"left: 42px;top: 0;animation-delay:0.25s;\"><\/div><div style=\"left: 0;top: 21px;animation-delay:0.875s;\"><\/div><div style=\"left: 42px;top: 21px;animation-delay:0.375s;\"><\/div><div style=\"left: 0;top: 42px;animation-delay:0.75s;\"><\/div><div style=\"left: 42px;top: 42px;animation-delay:0.625s;\"><\/div><div style=\"left: 21px;top: 42px;animation-delay:0.5s;\"><\/div><\/div><\/div><div class=\"ultp-heading-filter\"><div class=\"ultp-heading-filter-in\"><div class=\"ultp-heading-wrap ultp-heading-style4 ultp-heading-center\"><h2 class=\"ultp-heading-inner\"><span>en resumen<\/span><\/h2><\/div><\/div><\/div><div class=\"ultp-block-items-wrap ultp-block-row\"><div class=\"ultp-block-item post-id-64324\"><div class=\"ultp-block-content-wrap ultp-block-content-overlay\"><div class=\"ultp-block-image ultp-block-image-zoomOut\"><a href=\"https:\/\/elfederalonline.com\/2026\/08\/03\/ante-el-paro-docente-el-gobierno-controlara-a-los-colegios-para-que-cumplan-el-75-de-cobertura-presencial\/\" ><img decoding=\"async\"  alt=\"Ante el paro docente, el gobierno controlar\u00e1 a los colegios para que cumplan el 75% de cobertura presencial\"  src=\"https:\/\/elfederalonline.com\/wp-content\/uploads\/2022\/05\/CEM-1-AULAS-VACIAS-ESCUELAS-ALUMNOS-ROCA-870x570.jpg\" \/><\/a><\/div><div class=\"ultp-block-content ultp-block-content-bottomPosition\"><div class=\"ultp-block-content-inner\"><\/div><\/div><\/div><\/div><div class=\"ultp-block-item post-id-64320\"><div class=\"ultp-block-content-wrap ultp-block-content-overlay\"><div class=\"ultp-block-image ultp-block-image-zoomOut\"><a href=\"https:\/\/elfederalonline.com\/2026\/08\/03\/como-impactaria-en-la-rioja-la-ley-de-inviolabilidad-de-la-propiedad-privada-que-impulsa-milei\/\" ><img decoding=\"async\"  alt=\"\u00bfC\u00f3mo impactar\u00eda en La Rioja la Ley de Inviolabilidad de la Propiedad Privada que impulsa Milei?\"  src=\"https:\/\/elfederalonline.com\/wp-content\/uploads\/2024\/05\/milei-cepo1-870x570.jpg\" \/><\/a><\/div><div class=\"ultp-block-content ultp-block-content-bottomPosition\"><div class=\"ultp-block-content-inner\"><\/div><\/div><\/div><\/div><div class=\"ultp-block-item post-id-64314\"><div class=\"ultp-block-content-wrap ultp-block-content-overlay\"><div class=\"ultp-block-image ultp-block-image-zoomOut\"><a href=\"https:\/\/elfederalonline.com\/2026\/08\/03\/conmocion-en-chilecito-una-bebe-de-dos-meses-dio-positivo-para-cocaina-y-quedo-bajo-proteccion-judicial\/\" ><img decoding=\"async\"  alt=\"Conmoci\u00f3n en Chilecito: una beb\u00e9 de dos meses dio positivo para coca\u00edna y qued\u00f3 bajo protecci\u00f3n judicial\"  src=\"https:\/\/elfederalonline.com\/wp-content\/uploads\/2026\/08\/mano-de-bebe.jpg\" \/><\/a><\/div><div class=\"ultp-block-content ultp-block-content-bottomPosition\"><div class=\"ultp-block-content-inner\"><\/div><\/div><\/div><\/div><div class=\"ultp-block-item post-id-64310\"><div class=\"ultp-block-content-wrap ultp-block-content-overlay\"><div class=\"ultp-block-image ultp-block-image-zoomOut\"><a href=\"https:\/\/elfederalonline.com\/2026\/08\/02\/la-rioja-recibe-a-maximo-kirchner-mientras-la-justicia-acelera-el-juicio-por-hotesur-los-sauces-lo-que-nadie-habla\/\" ><img decoding=\"async\"  alt=\"La Rioja recibe a M\u00e1ximo Kirchner mientras la Justicia acelera el juicio por Hotesur-Los Sauces: lo que nadie habla\"  src=\"https:\/\/elfederalonline.com\/wp-content\/uploads\/2026\/08\/maximo-lr4-870x570.jpg\" \/><\/a><\/div><div class=\"ultp-block-content ultp-block-content-bottomPosition\"><div class=\"ultp-block-content-inner\"><\/div><\/div><\/div><\/div><div class=\"ultp-block-item post-id-64304\"><div class=\"ultp-block-content-wrap ultp-block-content-overlay\"><div class=\"ultp-block-image ultp-block-image-zoomOut\"><a href=\"https:\/\/elfederalonline.com\/2026\/08\/02\/tension-en-aimogasta-familias-ocuparon-viviendas-en-construccion-para-tener-un-techo\/\" ><img decoding=\"async\"  alt=\"Tensi\u00f3n en Aimogasta: familias ocuparon viviendas en construcci\u00f3n para tener un techo\"  src=\"https:\/\/elfederalonline.com\/wp-content\/uploads\/2026\/08\/toma-de-viviendas3-870x570.jpg\" \/><\/a><\/div><div class=\"ultp-block-content ultp-block-content-bottomPosition\"><div class=\"ultp-block-content-inner\"><\/div><\/div><\/div><\/div><div class=\"ultp-block-item post-id-64285\"><div class=\"ultp-block-content-wrap ultp-block-content-overlay\"><div class=\"ultp-block-image ultp-block-image-zoomOut\"><a href=\"https:\/\/elfederalonline.com\/2026\/08\/01\/precaucion-pronostican-viento-zonda-lluvias-y-rafagas-peligrosas-en-la-rioja-y-estos-son-los-departamentos-mas-afectados\/\" ><img decoding=\"async\"  alt=\"Precauci\u00f3n: pronostican viento Zonda, lluvias y r\u00e1fagas peligrosas en La Rioja y estos son los departamentos m\u00e1s afectados\"  src=\"https:\/\/elfederalonline.com\/wp-content\/uploads\/2026\/08\/zonda-lr1-870x570.jpg\" \/><\/a><\/div><div class=\"ultp-block-content ultp-block-content-bottomPosition\"><div class=\"ultp-block-content-inner\"><\/div><\/div><\/div><\/div><\/div><\/div><div class=\"pagination-block-html\" aria-hidden=\"true\" style=\"display: none;\"><\/div><\/div><\/div>\n<\/div>\n","protected":false},"excerpt":{"rendered":"","protected":false},"author":1,"featured_media":0,"parent":0,"menu_order":0,"comment_status":"closed","ping_status":"closed","template":"ultp_page_template","meta":{"footnotes":""},"class_list":["post-941","page","type-page","status-publish","hentry"],"amp_enabled":true,"_links":{"self":[{"href":"https:\/\/elfederalonline.com\/wp-json\/wp\/v2\/pages\/941","targetHints":{"allow":["GET"]}}],"collection":[{"href":"https:\/\/elfederalonline.com\/wp-json\/wp\/v2\/pages"}],"about":[{"href":"https:\/\/elfederalonline.com\/wp-json\/wp\/v2\/types\/page"}],"author":[{"embeddable":true,"href":"https:\/\/elfederalonline.com\/wp-json\/wp\/v2\/users\/1"}],"replies":[{"embeddable":true,"href":"https:\/\/elfederalonline.com\/wp-json\/wp\/v2\/comments?post=941"}],"version-history":[{"count":41,"href":"https:\/\/elfederalonline.com\/wp-json\/wp\/v2\/pages\/941\/revisions"}],"predecessor-version":[{"id":64303,"href":"https:\/\/elfederalonline.com\/wp-json\/wp\/v2\/pages\/941\/revisions\/64303"}],"wp:attachment":[{"href":"https:\/\/elfederalonline.com\/wp-json\/wp\/v2\/media?parent=941"}],"curies":[{"name":"wp","href":"https:\/\/api.w.org\/{rel}","templated":true}]}}